{"id":4576,"date":"2018-02-16T12:30:39","date_gmt":"2018-02-16T15:30:39","guid":{"rendered":"https:\/\/www.lasveletas.cl\/pt-br\/vinos\/almaule\/"},"modified":"2025-08-28T17:44:38","modified_gmt":"2025-08-28T20:44:38","slug":"almaule","status":"publish","type":"product","link":"https:\/\/web2025.lasveletas.cl\/pt-br\/vinos\/almaule\/","title":{"rendered":"pa\u00eds &#8211; almaule &#8211; caja 6 unidades"},"content":{"rendered":"","protected":false},"excerpt":{"rendered":"<p>Vi\u00f1a Las Veletas AlMaule 2021 es un vino que destaca por su marcada identidad y estilo innovador. Visualmente, destaca por su color rojo tenue brillante, agradables aromas, mientras en boca es liviano, suave y refrescante, ideal para esta temporada.<br \/>\nVi\u00f1a Las Veletas AlMaule Pa\u00eds 2021 es perfecto para beber en toda ocasi\u00f3n, donde el maridaje perfecto es la buena compa\u00f1\u00eda.<br \/>\nCabe destacar, que este vino nace de un proyecto colaborativo desarrollado por seis vi\u00f1as maulinas ubicadas, espec\u00edficamente en la comuna de San Javier, las que tienen por objetivo, poner en valor la variedad Pa\u00eds, la m\u00e1s antigua de Chile, con m\u00e1s de 500 a\u00f1os de historia.<br \/>\nEste vino es elaborado y embotellado en origen, y debe respetar una serie de especificaciones en su producci\u00f3n como:<br \/>\n1.- Poseer 90% de vino pa\u00eds<br \/>\n2.- Uva proveniente de parras de m\u00e1s de 30 a\u00f1os.<br \/>\n3.- Vi\u00f1edos conducidos en cabeza.<br \/>\n4.- Sin riego, el agua provendr\u00e1 \u00fanicamente de las lluvias en el territorio.<\/p>\n","protected":false},"featured_media":4644,"comment_status":"closed","ping_status":"closed","template":"","meta":[],"product_brand":[],"product_cat":[134],"product_tag":[],"class_list":{"0":"post-4576","1":"product","2":"type-product","3":"status-publish","4":"has-post-thumbnail","6":"product_cat-pais-pt-br","8":"first","9":"instock","10":"sale","11":"shipping-taxable","12":"purchasable","13":"product-type-simple"},"_links":{"self":[{"href":"https:\/\/web2025.lasveletas.cl\/pt-br\/wp-json\/wp\/v2\/product\/4576","targetHints":{"allow":["GET"]}}],"collection":[{"href":"https:\/\/web2025.lasveletas.cl\/pt-br\/wp-json\/wp\/v2\/product"}],"about":[{"href":"https:\/\/web2025.lasveletas.cl\/pt-br\/wp-json\/wp\/v2\/types\/product"}],"replies":[{"embeddable":true,"href":"https:\/\/web2025.lasveletas.cl\/pt-br\/wp-json\/wp\/v2\/comments?post=4576"}],"wp:featuredmedia":[{"embeddable":true,"href":"https:\/\/web2025.lasveletas.cl\/pt-br\/wp-json\/wp\/v2\/media\/4644"}],"wp:attachment":[{"href":"https:\/\/web2025.lasveletas.cl\/pt-br\/wp-json\/wp\/v2\/media?parent=4576"}],"wp:term":[{"taxonomy":"product_brand","embeddable":true,"href":"https:\/\/web2025.lasveletas.cl\/pt-br\/wp-json\/wp\/v2\/product_brand?post=4576"},{"taxonomy":"product_cat","embeddable":true,"href":"https:\/\/web2025.lasveletas.cl\/pt-br\/wp-json\/wp\/v2\/product_cat?post=4576"},{"taxonomy":"product_tag","embeddable":true,"href":"https:\/\/web2025.lasveletas.cl\/pt-br\/wp-json\/wp\/v2\/product_tag?post=4576"}],"curies":[{"name":"wp","href":"https:\/\/api.w.org\/{rel}","templated":true}]}}